{"id":67,"date":"2019-11-10T15:56:33","date_gmt":"2019-11-10T14:56:33","guid":{"rendered":"https:\/\/vspfarrkirchen.eduhi.at\/cms\/?page_id=67"},"modified":"2026-04-21T09:32:17","modified_gmt":"2026-04-21T07:32:17","slug":"leitbild","status":"publish","type":"page","link":"https:\/\/vspfarrkirchen.eduhi.at\/cms\/leitbild\/","title":{"rendered":"Kontakt"},"content":{"rendered":"\n<p><strong>Aktuell ist unser Telefon zu folgenden Zeiten besetzt:<\/strong><br>Montag &#8211; Donnerstag: 11:30 &#8211; 14:00 Uhr<br>Freitag: 11:30 &#8211; 13:00 Uhr<\/p>\n\n\n\n<p><\/p>\n\n\n\n<p><strong>Telefon Volksschule:<\/strong><br>Direktion: 07258\/2369-1<br>Konferenzzimmer: 07258\/2369-2<\/p>\n\n\n\n<p><\/p>\n\n\n\n<p><strong>Telefon Nachmittagsbetreuung:<\/strong><br>Hort: 07258\/2369-4 ODER 0664\/807 652 607<br>Flexi: 0664\/807 652 625<\/p>\n\n\n\n<div style=\"height:51px\" aria-hidden=\"true\" class=\"wp-block-spacer\"><\/div>\n\n\n\n<div class=\"wp-block-media-text is-stacked-on-mobile\" style=\"grid-template-columns:18% auto\"><figure class=\"wp-block-media-text__media\"><img data-opt-id=1564429499  fetchpriority=\"high\" decoding=\"async\" width=\"731\" height=\"1024\" src=\"https:\/\/mlipwqymfoak.i.optimole.com\/w:731\/h:1024\/q:mauto\/ig:avif\/https:\/\/vspfarrkirchen.eduhi.at\/cms\/wp-content\/uploads\/2026\/04\/DSC_9481-1.jpg\" alt=\"\" class=\"wp-image-3661 size-full\" srcset=\"https:\/\/mlipwqymfoak.i.optimole.com\/w:731\/h:1024\/q:mauto\/ig:avif\/https:\/\/vspfarrkirchen.eduhi.at\/cms\/wp-content\/uploads\/2026\/04\/DSC_9481-1.jpg 731w, https:\/\/mlipwqymfoak.i.optimole.com\/w:214\/h:300\/q:mauto\/ig:avif\/https:\/\/vspfarrkirchen.eduhi.at\/cms\/wp-content\/uploads\/2026\/04\/DSC_9481-1.jpg 214w, https:\/\/mlipwqymfoak.i.optimole.com\/w:768\/h:1076\/q:mauto\/ig:avif\/https:\/\/vspfarrkirchen.eduhi.at\/cms\/wp-content\/uploads\/2026\/04\/DSC_9481-1.jpg 768w, https:\/\/mlipwqymfoak.i.optimole.com\/w:770\/h:1080\/q:mauto\/ig:avif\/https:\/\/vspfarrkirchen.eduhi.at\/cms\/wp-content\/uploads\/2026\/04\/DSC_9481-1.jpg 1096w, https:\/\/mlipwqymfoak.i.optimole.com\/w:770\/h:1080\/q:mauto\/ig:avif\/https:\/\/vspfarrkirchen.eduhi.at\/cms\/wp-content\/uploads\/2026\/04\/DSC_9481-1.jpg 1461w, https:\/\/mlipwqymfoak.i.optimole.com\/w:770\/h:1080\/q:mauto\/ig:avif\/https:\/\/vspfarrkirchen.eduhi.at\/cms\/wp-content\/uploads\/2026\/04\/DSC_9481-1.jpg 1500w\" sizes=\"(max-width: 731px) 100vw, 731px\" \/><\/figure><div class=\"wp-block-media-text__content\">\n<p><strong>Aktuelle Informationen \u00fcber die Leitung:<\/strong><\/p>\n\n\n\n<p>Wir m\u00f6chten Sie dar\u00fcber informieren, dass ab 19. J\u00e4nner 2026 Frau Linda Pany die Leitung der VS Pfarrkirchen und der VS Waldneukirchen vorl\u00e4ufig bis zum Schuljahresende \u00fcbernehmen wird.<\/p>\n<\/div><\/div>\n\n\n\n<div style=\"height:48px\" aria-hidden=\"true\" class=\"wp-block-spacer\"><\/div>\n\n\n\n<p><strong>Erreichbarkeit\/Anwesenheit der Direktion:<\/strong><br>Montag: 7:00 &#8211; 10:30 Uhr in Waldneukirchen, 11:00 &#8211; 14:30 Uhr in Pfarrkirchen<br>Dienstag: 7:00 &#8211; 14:30 Uhr in Waldneukirchen<br>Mittwoch: 7:00 &#8211; 14:30 Uhr in Pfarrkirchen<br>Donnerstag: 7:00 &#8211; 14:30 Uhr in Waldneukirchen<br>Freitag: 7:00 &#8211; 14:30 (bzw. 12:00) Uhr in Pfarrkirchen <\/p>\n","protected":false},"excerpt":{"rendered":"<p>Aktuell ist unser Telefon zu folgenden Zeiten besetzt:Montag &#8211; Donnerstag: 11:30 &#8211; 14:00 UhrFreitag: 11:30 &#8211; 13:00 Uhr Telefon Volksschule:Direktion: 07258\/2369-1Konferenzzimmer: 07258\/2369-2 Telefon Nachmittagsbetreuung:Hort: 07258\/2369-4 ODER 0664\/807 652 607Flexi: 0664\/807 652 625 Aktuelle Informationen \u00fcber die Leitung: Wir m\u00f6chten Sie dar\u00fcber informieren, dass ab 19. J\u00e4nner 2026 Frau Linda Pany [&hellip;]<\/p>\n","protected":false},"author":1,"featured_media":0,"parent":0,"menu_order":0,"comment_status":"closed","ping_status":"closed","template":"","meta":{"ngg_post_thumbnail":0,"footnotes":""},"class_list":["post-67","page","type-page","status-publish","hentry"],"_links":{"self":[{"href":"https:\/\/vspfarrkirchen.eduhi.at\/cms\/wp-json\/wp\/v2\/pages\/67","targetHints":{"allow":["GET"]}}],"collection":[{"href":"https:\/\/vspfarrkirchen.eduhi.at\/cms\/wp-json\/wp\/v2\/pages"}],"about":[{"href":"https:\/\/vspfarrkirchen.eduhi.at\/cms\/wp-json\/wp\/v2\/types\/page"}],"author":[{"embeddable":true,"href":"https:\/\/vspfarrkirchen.eduhi.at\/cms\/wp-json\/wp\/v2\/users\/1"}],"replies":[{"embeddable":true,"href":"https:\/\/vspfarrkirchen.eduhi.at\/cms\/wp-json\/wp\/v2\/comments?post=67"}],"version-history":[{"count":64,"href":"https:\/\/vspfarrkirchen.eduhi.at\/cms\/wp-json\/wp\/v2\/pages\/67\/revisions"}],"predecessor-version":[{"id":3727,"href":"https:\/\/vspfarrkirchen.eduhi.at\/cms\/wp-json\/wp\/v2\/pages\/67\/revisions\/3727"}],"wp:attachment":[{"href":"https:\/\/vspfarrkirchen.eduhi.at\/cms\/wp-json\/wp\/v2\/media?parent=67"}],"curies":[{"name":"wp","href":"https:\/\/api.w.org\/{rel}","templated":true}]}}